{"id":3,"date":"2025-08-20T00:34:36","date_gmt":"2025-08-19T22:34:36","guid":{"rendered":"http:\/\/192.168.99.104\/wordpress\/?page_id=3"},"modified":"2025-09-10T21:40:24","modified_gmt":"2025-09-10T19:40:24","slug":"politique-de-confidentialite","status":"publish","type":"page","link":"https:\/\/www.stellafaghjinca.corsica\/index.php\/politique-de-confidentialite\/","title":{"rendered":"Politique de confidentialit\u00e9"},"content":{"rendered":"\n<p><\/p>\n\n\n\n<h2 class=\"wp-block-heading\">1.&nbsp;&nbsp;&nbsp;INTRODUCTION<\/h2>\n\n\n\n<p><strong>Dans le cadre de son activit\u00e9, le\u00a0site Stell&rsquo;Afaghjinca\u00a0est\u00a0amen\u00e9 \u00e0 traiter des informations vous concernant. Par exemple, en naviguant sur notre sites Internet ou des applications mobiles, en remplissant un formulaire de souscription \u00e0 une newsletter, en cliquant sur un lien publicitaire que nous vous pr\u00e9sentons, vous nous transmettez des informations dont certaines sont de nature \u00e0 vous identifier (\u00ab\u00a0donn\u00e9es personnelles\u00a0\u00bb).<\/strong><\/p>\n\n\n\n<p><strong>La pr\u00e9sente Politique de confidentialit\u00e9 vous informe de la mani\u00e8re dont nous recueillons et traitons vos donn\u00e9es personnelles. Nous vous invitons \u00e0 la lire attentivement.<\/strong><\/p>\n\n\n\n<h4 class=\"wp-block-heading\"><strong><u>Important<\/u><\/strong><\/h4>\n\n\n\n<p>Nous n\u2019utilisons vos donn\u00e9es personnelles que dans les cas pr\u00e9vus par la r\u00e9glementation en vigueur&nbsp;:<\/p>\n\n\n\n<p>* L\u2019ex\u00e9cution d\u2019un contrat que nous avons conclu avec vous, et\/ou<\/p>\n\n\n\n<p>* Le respect d\u2019une obligation l\u00e9gale, et\/ou<\/p>\n\n\n\n<p>* Votre consentement \u00e0 l\u2019utilisation de vos donn\u00e9es, et\/ou<\/p>\n\n\n\n<p>* L\u2019existence d\u2019un int\u00e9r\u00eat l\u00e9gitime \u00e0 utiliser vos donn\u00e9es. L\u2019int\u00e9r\u00eat l\u00e9gitime est un ensemble de raisons commerciales ou d\u2019affaires qui justifie l\u2019utilisation de vos donn\u00e9es par\u00a0<strong>Stell&rsquo;Afaghjinca<\/strong>.<\/p>\n\n\n\n<h2 class=\"wp-block-heading\">2.&nbsp;&nbsp;&nbsp;QUI EST LE RESPONSABLE DES TRAITEMENTS MENTIONN\u00c9S DANS LE PR\u00c9SENT DOCUMENT&nbsp;?&nbsp;<\/h2>\n\n\n\n<p>Le responsable des traitements mentionn\u00e9 par le pr\u00e9sent document est l&rsquo;association <strong>Stell&rsquo;Afaghjinca<\/strong>, immatricul\u00e9e au registre d&rsquo;Ajaccio sous le n\u00b0.<\/p>\n\n\n\n<h2 class=\"wp-block-heading\">3.&nbsp;&nbsp;&nbsp;QUELLES SONT LES DONN\u00c9ES QUE NOUS RECUEILLONS SUR VOUS&nbsp;ET DANS QUELLES CIRCONSTANCES LES COLLECTONS-NOUS&nbsp;?<\/h2>\n\n\n\n<h3 class=\"wp-block-heading\">Les donn\u00e9es que vous nous transmettez directement<\/h3>\n\n\n\n<p>A l\u2019occasion des diff\u00e9rents contacts que nous avons avec vous, vous pouvez \u00eatre amen\u00e9 \u00e0 nous communiquer des informations qui vous concernent. Elles sont collect\u00e9es notamment lors de l\u2019inscription \u00e0 une newsletter, de la cr\u00e9ation d\u2019un compte sur nos sites ou pour acc\u00e9der \u00e0 toute autre offre ou tout autre service.<\/p>\n\n\n\n<p>Ces donn\u00e9es sont notamment votre nom, votre adresse e-mail et toute autre information que vous souhaitez porter \u00e0 notre connaissance.<\/p>\n\n\n\n<h3 class=\"wp-block-heading\">Les donn\u00e9es que nous recueillons automatiquement<\/h3>\n\n\n\n<p>Lors de chacune de vos visites sur nos sites, nous recueillons des informations relatives \u00e0 votre connexion et \u00e0 votre navigation. Diff\u00e9rentes technologies peuvent \u00eatre mises en \u0153uvre pour recueillir ces donn\u00e9es. La principale est le cookie.<\/p>\n\n\n\n<p>\u25cf&nbsp;&nbsp;&nbsp;&nbsp;&nbsp;&nbsp;<strong>Donn\u00e9es recueillies par l\u2019interm\u00e9diaire de cookies<\/strong><\/p>\n\n\n\n<p>Un cookie est un fichier texte d\u00e9pos\u00e9 lors de la consultation d\u2019un site ou d\u2019une application et stock\u00e9 dans un espace&nbsp;sp\u00e9cifique du disque dur de&nbsp;votre ordinateur ou de votre appareil mobile. Les cookies sont g\u00e9r\u00e9s par votre navigateur Internet et seul l\u2019\u00e9metteur d\u2019un cookie peut d\u00e9cider de la lecture ou de la modification des informations qui y sont contenues.<\/p>\n\n\n\n<p>Un cookie a une dur\u00e9e de validit\u00e9 limit\u00e9e. Son d\u00e9p\u00f4t et son stockage sur votre terminal se font&nbsp;dans le respect de la l\u00e9gislation applicable et sous r\u00e9serve des choix que vous avez exprim\u00e9s et que vous pouvez modifier \u00e0 tout moment, dans les conditions pr\u00e9cis\u00e9es \u00e0 l\u2019article 5 ci-apr\u00e8s.<\/p>\n\n\n\n<p>Un cookie ne vous identifie pas personnellement. Il&nbsp;permet \u00e0 son \u00e9metteur&nbsp;de reconna\u00eetre votre terminal et de collecter un certain nombre d\u2019informations relatives \u00e0 la navigation effectu\u00e9e depuis ce terminal.<\/p>\n\n\n\n<p>Les cookies ont plusieurs fonctions, telles que vous permettre de naviguer efficacement sur un site ou une application, se souvenir de vos choix. Vous trouverez de plus amples informations sur les cookies sur les sites suivants&nbsp;:<\/p>\n\n\n\n<p><a href=\"https:\/\/www.cnil.fr\/fr\/site-web-cookies-et-autres-traceurs\" target=\"_blank\" rel=\"noreferrer noopener\">www.cnil.fr<\/a>&nbsp;\/&nbsp;<a href=\"http:\/\/www.allaboutcookies.org\/\" target=\"_blank\" rel=\"noreferrer noopener\">www.allaboutcookies.org<\/a>&nbsp;\/&nbsp;<a href=\"http:\/\/www.aboutcookies.org\/\" target=\"_blank\" rel=\"noreferrer noopener\">www.aboutcookies.org<\/a>&nbsp;\/&nbsp;<a href=\"http:\/\/www.youronlinechoices.eu\/\" target=\"_blank\" rel=\"noreferrer noopener\">www.youronlinechoices.eu<\/a><\/p>\n\n\n\n<p>Les cookies d\u00e9pos\u00e9s par\u00a0<strong>Stell&rsquo;Afaghjinca<\/strong>\u00a0sous r\u00e9serve de vos choix nous donnent acc\u00e8s\u00a0notamment aux informations suivantes :<\/p>\n\n\n\n<p>\u2013&nbsp;&nbsp;&nbsp;&nbsp;&nbsp;&nbsp;Identifiants de l\u2019\u00e9quipement que vous utilisez (adresse IP de votre ordinateur, identifiant Android, identifiant Apple, etc.),<\/p>\n\n\n\n<p>\u2013&nbsp;&nbsp;&nbsp;&nbsp;&nbsp;&nbsp;Type de syst\u00e8me d\u2019exploitation utilis\u00e9 par votre terminal (Microsoft Windows, Apple Os, Linux, Unix,&nbsp;etc.),<\/p>\n\n\n\n<p>\u2013&nbsp;&nbsp;&nbsp;&nbsp;&nbsp;&nbsp;Type et version du logiciel de navigation utilis\u00e9 par votre terminal (Microsoft Internet Explorer, Apple Safari, Mozilla Firefox, Google Chrome, etc.),<\/p>\n\n\n\n<p>\u2013&nbsp;&nbsp;&nbsp;&nbsp;&nbsp;&nbsp;Dates et heures de connexion \u00e0 nos services,<\/p>\n\n\n\n<p>\u2013&nbsp;&nbsp;&nbsp;&nbsp;&nbsp;&nbsp;Adresse de la page Internet de provenance (\u00ab&nbsp;referrer&nbsp;\u00bb),<\/p>\n\n\n\n<p>\u2013&nbsp;&nbsp;&nbsp;&nbsp;&nbsp;&nbsp;Donn\u00e9es de navigation sur nos services, contenus visionn\u00e9s.<\/p>\n\n\n\n<p>\u25cf&nbsp;&nbsp;&nbsp;&nbsp;&nbsp;&nbsp;<strong>Donn\u00e9es recueillies par des&nbsp;technologies standard d\u2019Internet<\/strong><\/p>\n\n\n\n<p>Nous sommes \u00e9galement susceptibles d\u2019utiliser des technologies standard d\u2019Internet, tels que des scripts, des pixels et des redirections. Les scripts (parfois appel\u00e9s tags), \u00e9crits en langage&nbsp;javascript, sont des programmes qui s\u2019ex\u00e9cutent dans votre navigateur et effectuent diff\u00e9rentes actions, par exemple envoyer une information \u00e0 nos serveurs. Les scripts sont \u00e9galement capables de cr\u00e9er des pixels. Les pixels (parfois appel\u00e9es&nbsp;GIFs&nbsp;transparents,&nbsp;GIFs&nbsp;clairs ou Web-bugs) sont des lignes de code qui permettent d\u2019afficher une image graphique (g\u00e9n\u00e9ralement invisible) sur une page Web ou dans un e-mail. Les redirections permettent de rendre une page Web disponible sous plusieurs adresses de page (URL). Lorsqu\u2019un navigateur ouvre une URL de redirection, une page avec une URL diff\u00e9rente est ouverte. Le but de ces technologies est d\u2019am\u00e9liorer votre exp\u00e9rience sur nos sites.<\/p>\n\n\n\n<p>Ces technologies nous donnent acc\u00e8s notamment aux informations suivantes&nbsp;:<\/p>\n\n\n\n<p>\u2013&nbsp;&nbsp;&nbsp;&nbsp;&nbsp;&nbsp;Informations relatives \u00e0 votre utilisation de nos sites.<\/p>\n\n\n\n<p>\u2013&nbsp;&nbsp;&nbsp;&nbsp;&nbsp;&nbsp;Informations relatives \u00e0 la pr\u00e9sence de cookies sur votre terminal, sur l\u2019heure et la date de consultation d\u2019une page, et une description de la page o\u00f9 la balise Web est mise.<\/p>\n\n\n\n<p>\u2013&nbsp;&nbsp;&nbsp;&nbsp;&nbsp;&nbsp;Informations sur la lecture ou non des e-mails que nous vous adressons, sur les clics que vous faites sur les liens contenus dans ces e-mails.<\/p>\n\n\n\n<p>Nos sites peuvent \u00e9galement inclure des scripts, des pixels et des redirections de tiers. Ces technologies permettent aux fournisseurs de services tiers de collecter certaines informations telles que votre type de navigateur, et la page Web qui vous a redirig\u00e9 sur nos sites Internet. Ces fournisseurs de services tiers traitent les informations qu\u2019ils collectent dans un but d\u2019audit, de recherche, et pour d\u00e9clarer l\u2019information sur nos sites et applications et sur les publicit\u00e9s regard\u00e9es sur ceux-ci. Nous ne partageons pas vos donn\u00e9es d\u2019identification avec ces tiers dans le cadre de leur usage de ces technologies.<\/p>\n\n\n\n<p>\u25cf&nbsp;&nbsp;&nbsp;&nbsp;&nbsp;&nbsp;<strong>Donn\u00e9es fournies par les appareils mobiles<\/strong><\/p>\n\n\n\n<p>Certains appareils mobiles, en fonction des fonctionnalit\u00e9s que vous avez activ\u00e9es (par exemple&nbsp;: \u00ab&nbsp;Push&nbsp;\u00bb ou \u00ab&nbsp;G\u00e9olocalisation&nbsp;\u00bb), envoient des informations, notamment&nbsp;: mod\u00e8le de votre mat\u00e9riel, version de son syst\u00e8me d\u2019exploitation, type de connectivit\u00e9.<\/p>\n\n\n\n<p>Ces donn\u00e9es, sont trait\u00e9es automatiquement par nos serveurs pour pouvoir vous fournir un service de qualit\u00e9 et mesurer l\u2019audience de nos sites.<\/p>\n\n\n\n<h3 class=\"wp-block-heading\">Donn\u00e9es relatives \u00e0 un tiers<\/h3>\n\n\n\n<p>Avant d\u2019offrir \u00e0 un tiers un abonnement ou tout autre produit ou service que nous proposons, vous devez vous assurer que la personne concern\u00e9e accepte que ses donn\u00e9es personnelles, notamment ses coordonn\u00e9es, nous soient communiqu\u00e9es.<\/p>\n\n\n\n<h3 class=\"wp-block-heading\">Exclusion de toute donn\u00e9e sensible<\/h3>\n\n\n\n<p><em><strong>Stell&rsquo;Afaghjinca<\/strong>\u00a0<\/em>ne collecte aucune donn\u00e9e sensible vous concernant. Sont consid\u00e9r\u00e9es comme des donn\u00e9es sensibles\u00a0: l\u2019origine raciale ou ethnique, les opinions politiques, les convictions religieuses ou philosophiques, l\u2019appartenance syndicale, les donn\u00e9es g\u00e9n\u00e9tiques, les donn\u00e9es biom\u00e9triques aux fins d\u2019identifier une personne physique de mani\u00e8re unique, les donn\u00e9es relatives \u00e0 la sant\u00e9 ou l\u2019orientation sexuelle. Si de telles informations nous \u00e9taient d\u2019une mani\u00e8re ou d\u2019une autre communiqu\u00e9es, elles seront supprim\u00e9es.<\/p>\n\n\n\n<h2 class=\"wp-block-heading\">4.&nbsp;&nbsp;&nbsp;POUR QUELLES FINALIT\u00c9S UTILISONS-NOUS VOS DONN\u00c9ES&nbsp;?<\/h2>\n\n\n\n<p>Le pr\u00e9sent article vous indique les principales finalit\u00e9s pour lesquelles nous utilisons les donn\u00e9es mentionn\u00e9es \u00e0 l\u2019article 3.<\/p>\n\n\n\n<h3 class=\"wp-block-heading\">Op\u00e9rations n\u00e9cessaires \u00e0 la fourniture de produits ou services<\/h3>\n\n\n\n<p>\u2022&nbsp;&nbsp;&nbsp;&nbsp;&nbsp;&nbsp;Gestion des abonnements \u00e0 nos newsletters et\/ou alertes e-mails&nbsp;;<\/p>\n\n\n\n<p>\u2022&nbsp;&nbsp;&nbsp;&nbsp;&nbsp;&nbsp;Relation clients&nbsp;: accessible par e-mail pour toute question ou r\u00e9clamation&nbsp;;<\/p>\n\n\n\n<p>\u2022&nbsp;&nbsp;&nbsp;&nbsp;&nbsp;&nbsp;Envoi d\u2019informations sur la modification ou l\u2019\u00e9volution de nos services&nbsp;;<\/p>\n\n\n\n<p>\u2022&nbsp;&nbsp;&nbsp;&nbsp;&nbsp;&nbsp;Gestion de l\u2019exercice de vos droits sur vos donn\u00e9es personnelles, dans les conditions pr\u00e9vues \u00e0 l\u2019article 9&nbsp;;<\/p>\n\n\n\n<p>\u2022&nbsp;&nbsp;&nbsp;&nbsp;&nbsp;&nbsp;V\u00e9rification du respect de la l\u00e9gislation applicable, de nos contrats et conditions g\u00e9n\u00e9rales d\u2019utilisation.<\/p>\n\n\n\n<h3 class=\"wp-block-heading\">Finalit\u00e9s associ\u00e9es au d\u00e9p\u00f4t de cookies sur votre navigateur<\/h3>\n\n\n\n<p>\u25cf Fonctionnement et optimisation de la navigation sur nos sites<\/p>\n\n\n\n<p>\u25cf Adaptation de la pr\u00e9sentation de nos sites aux pr\u00e9f\u00e9rences d\u2019affichage de votre terminal (langue utilis\u00e9e, r\u00e9solution d\u2019affichage, syst\u00e8me d\u2019exploitation, etc.) lors de vos visites, selon les mat\u00e9riels et les logiciels de visualisation ou de lecture que votre terminal comporte&nbsp;;<\/p>\n\n\n\n<p>\u25cf M\u00e9morisation des informations relatives \u00e0 un formulaire que vous avez rempli sur notre site (inscription ou acc\u00e8s \u00e0 votre compte) ou \u00e0 des produits, services ou informations que vous avez choisis sur notre site (service souscrit, contenu consult\u00e9, achat effectu\u00e9, etc\u2026)&nbsp;;<\/p>\n\n\n\n<p>\u25cf Connexion automatique&nbsp;aux espaces r\u00e9serv\u00e9s ou personnels de notre site, tels que votre compte, gr\u00e2ce \u00e0 des identifiants ou des donn\u00e9es que vous nous avez ant\u00e9rieurement confi\u00e9s&nbsp;;<\/p>\n\n\n\n<p>\u25cf Mise \u00e0 disposition d\u2019outils de partage sur les r\u00e9seaux sociaux&nbsp;;<\/p>\n\n\n\n<p>\u25cf Gestion de nos plates-formes et r\u00e9alisation d\u2019op\u00e9rations techniques internes dans le cadre de r\u00e9solution de probl\u00e8mes, analyse de donn\u00e9es, tests, recherches, analyses, \u00e9tudes et sondages&nbsp;;<\/p>\n\n\n\n<p>\u25cf Mise en \u0153uvre de mesures de s\u00e9curit\u00e9&nbsp;;<\/p>\n\n\n\n<p>\u25cf Mesures de qualit\u00e9&nbsp;pour nous assurer que l\u2019affichage de nos contenus est adapt\u00e9 \u00e0 votre appareil.<\/p>\n\n\n\n<p>\u25cf&nbsp;Mesure de fr\u00e9quentation et d\u2019audience<\/p>\n\n\n\n<p>\u25cf Etablissement de statistiques et volumes de fr\u00e9quentation et d\u2019utilisation des divers \u00e9l\u00e9ments composant notre site (rubriques et contenus visit\u00e9s, parcours) afin d\u2019am\u00e9liorer l\u2019int\u00e9r\u00eat et l\u2019ergonomie de nos services&nbsp;;<\/p>\n\n\n\n<p>\u25cf Analyse des audiences en fonction des r\u00e9sultats des campagnes publicitaires&nbsp;;<\/p>\n\n\n\n<p>\u25cf D\u00e9termination de centres d\u2019int\u00e9r\u00eat et des comportements&nbsp;;<\/p>\n\n\n\n<p>\u25cf Am\u00e9lioration de la connaissance clients\/utilisateurs \u00e0 des fins de personnalisation.<\/p>\n\n\n\n<h2 class=\"wp-block-heading\">5.&nbsp;&nbsp;&nbsp;PENDANT COMBIEN DE TEMPS CONSERVONS-NOUS VOS DONN\u00c9ES&nbsp;?<\/h2>\n\n\n\n<p>Vos donn\u00e9es personnelles sont conserv\u00e9es pendant une dur\u00e9e conforme aux dispositions l\u00e9gales ou proportionnelle aux finalit\u00e9s pour lesquelles elles ont \u00e9t\u00e9 enregistr\u00e9es. Certaines dur\u00e9es de conservation r\u00e9pondent \u00e0 l\u2019int\u00e9r\u00eat l\u00e9gitime de <strong>Stell&rsquo;Afaghjinca<\/strong><em>\u00a0<\/em>tel que sp\u00e9cifi\u00e9 en introduction.<\/p>\n\n\n\n<p>Les dur\u00e9es de conservation varient selon que nous avons une relation de nature contractuelle en cours (vous \u00eates un client actif), que nous avons eu avec vous par le pass\u00e9 une relation contractuelle (vous \u00eates un client inactif) ou que nous n\u2019avons jamais eu avec vous de relation de ce type (vous \u00eates alors un prospect). Les donn\u00e9es li\u00e9es \u00e0 votre navigation sur nos services en ligne collect\u00e9es par les cookies que vous avez autoris\u00e9s ont une dur\u00e9e de conservation sp\u00e9cifique.<\/p>\n\n\n\n<p>Le tableau ci-dessous mentionne les principales dur\u00e9es de conservation de vos donn\u00e9es.<\/p>\n\n\n\n<p>En tout \u00e9tat de cause, nous&nbsp;r\u00e9visons&nbsp;r\u00e9guli\u00e8rement les informations que nous d\u00e9tenons. Lorsque leur conservation n\u2019est plus justifi\u00e9e par des exigences l\u00e9gales, commerciales ou li\u00e9es \u00e0 la gestion de votre compte client, ou&nbsp;si vous avez fait usage d\u2019un droit de modification ou d\u2019effacement,&nbsp;nous les supprimerons de fa\u00e7on s\u00e9curis\u00e9e.<\/p>\n\n\n\n<figure class=\"wp-block-table\"><table class=\"has-fixed-layout\"><tbody><tr><th>Cat\u00e9gories de donn\u00e9es<\/th><th>Finalit\u00e9s<\/th><th>Dur\u00e9es de conservation<\/th><\/tr><tr><td colspan=\"3\">Donn\u00e9es relatives \u00e0 un prospect<\/td><\/tr><tr><td>Ensemble des donn\u00e9es<\/td><td>Constitution et gestion d\u2019un fichier de prospects<\/td><td>3 ans \u00e0 compter de la collecte des donn\u00e9es ou du dernier contact \u00e9manant du prospect<\/td><\/tr><tr><td colspan=\"3\">Donn\u00e9es relatives \u00e0 un client actif<\/td><\/tr><tr><td>Ensemble des donn\u00e9es<\/td><td>Gestion du compte client<\/td><td>Pendant toute la dur\u00e9e de la relation contractuelle<\/td><\/tr><tr><td colspan=\"3\">Donn\u00e9es relatives \u00e0 un client inactif<\/td><\/tr><tr><td>Donn\u00e9es d\u2019identification et de contact \u2013 Inscrits newsletters<\/td><td>Envoi d\u2019informations sur l\u2019\u00e9volution de nos publications et nos offres<\/td><td>3 ans maximum \u00e0 compter de la d\u00e9sinscription ou du dernier contact \u00e9manant du client<\/td><\/tr><tr><td colspan=\"3\">Donn\u00e9es g\u00e9n\u00e9r\u00e9es par les cookies<\/td><\/tr><tr><td>Donn\u00e9es li\u00e9es \u00e0 votre navigation sur nos services en ligne<\/td><td>Fonctionnement et optimisation des services Mesures de fr\u00e9quentation. Personnalisation des contenus et publicit\u00e9s<\/td><td>13 mois maximum<\/td><\/tr><\/tbody><\/table><\/figure>\n\n\n\n<h2 class=\"wp-block-heading\">6.&nbsp;&nbsp;&nbsp;QUI EST SUSCEPTIBLE D\u2019AVOIR ACC\u00c8S AUX DONN\u00c9ES<strong><br><\/strong>QUE NOUS RECUEILLONS&nbsp;?<\/h2>\n\n\n\n<h3 class=\"wp-block-heading\">Acc\u00e8s aux donn\u00e9es au sein de <strong>Stell&rsquo;Afaghjinca<\/strong><\/h3>\n\n\n\n<p>Sont susceptibles d\u2019avoir acc\u00e8s \u00e0 certaines de vos donn\u00e9es&nbsp;:<\/p>\n\n\n\n<p>Les collaborateurs des services administratif, comptabilit\u00e9 et contr\u00f4le de gestion, informatique et marketing&nbsp;&amp; commercial. L\u2019acc\u00e8s \u00e0 vos donn\u00e9es se fait sur la base d\u2019autorisations d\u2019acc\u00e8s individuel et limit\u00e9.<\/p>\n\n\n\n<h3 class=\"wp-block-heading\">Transmission de donn\u00e9es<\/h3>\n\n\n\n<p>Sont \u00e9galement susceptibles d\u2019avoir acc\u00e8s \u00e0 certaines de vos donn\u00e9es&nbsp;:<\/p>\n\n\n\n<p><strong><em>&#8211; Les sous-traitants<\/em><\/strong><\/p>\n\n\n\n<p><strong>&nbsp;&nbsp;Ils assurent des prestations pour notre compte, notamment&nbsp;:<\/strong><\/p>\n\n\n\n<p><strong>&nbsp;&nbsp;\u2022&nbsp;&nbsp;&nbsp;&nbsp;&nbsp;&nbsp;Personnalisation des contenus des sites<\/strong><\/p>\n\n\n\n<p><strong>&nbsp;&nbsp;\u2022&nbsp;&nbsp;&nbsp;&nbsp;&nbsp;&nbsp;R\u00e9alisation d\u2019op\u00e9rations de maintenance et de d\u00e9veloppements techniques<\/strong><\/p>\n\n\n\n<p><strong>&nbsp;&nbsp;\u2022&nbsp;&nbsp;&nbsp;&nbsp;&nbsp;&nbsp;Fourniture de solutions analytiques ou de statistiques de mesure d\u2019audience<\/strong><\/p>\n\n\n\n<p><strong>&nbsp;&nbsp;\u2022&nbsp;&nbsp;&nbsp;&nbsp;&nbsp;&nbsp;&nbsp;Les plates-formes de r\u00e9seaux sociaux<\/strong><\/p>\n\n\n\n<p><strong>L\u2019utilisation des r\u00e9seaux sociaux pour interagir avec nos sites (notamment les boutons \u00ab\u00a0partager\u00a0\u00bb de Facebook, Twitter, Google+) est en effet susceptible d\u2019entra\u00eener des \u00e9changes de donn\u00e9es entre\u00a0<\/strong><em>l<strong>Stell&rsquo;Afaghjinca<\/strong>\u00a0<\/em>et ces r\u00e9seaux sociaux. <\/p>\n\n\n\n<p><strong><em>&#8211; Nos partenaires commerciaux<\/em><\/strong><\/p>\n\n\n\n<p><strong>Ils font la promotion de produits ou services pour leur propre compte ou pour celui d\u2019annonceurs publicitaires. Nous attirons votre attention sur le fait que si vous d\u00e9cidez de souscrire aux produits ou services de nos partenaires commerciaux et vous les laissez acc\u00e9der \u00e0 certaines de vos informations, notamment en vous connectant \u00e0 leurs sites ou applications, leurs politiques de confidentialit\u00e9 et leurs d\u00e9p\u00f4ts de cookies vous sont opposables. Nous n\u2019avons aucun contr\u00f4le sur la collecte ou le traitement de vos donn\u00e9es mis en \u0153uvre par nos partenaires commerciaux sur leur propre plate-forme.&nbsp;<\/strong><\/p>\n\n\n\n<p><strong><em>&#8211; Les autorit\u00e9s de police, autorit\u00e9s judiciaires&nbsp;ou administratives<\/em><\/strong><\/p>\n\n\n\n<p><strong>Lorsque nous avons l\u2019obligation l\u00e9gale de le faire\u00a0ou afin de garantir les droits, les biens et la s\u00e9curit\u00e9 de <strong>Stell&rsquo;Afaghjinca<\/strong><\/strong>.<\/p>\n\n\n\n<h2 class=\"wp-block-heading\">7.&nbsp;&nbsp;&nbsp;VOS DONN\u00c9ES SONT-ELLES TRANSF\u00c9R\u00c9ES EN DEHORS DE L\u2019UNION EUROP\u00c9ENNE&nbsp;?<\/h2>\n\n\n\n<p><strong>Nous conservons vos donn\u00e9es personnelles dans l\u2019Union europ\u00e9enne. Dans tous les cas, nous nous assurons de ce que le traitement soit effectu\u00e9 conform\u00e9ment \u00e0 la pr\u00e9sente politique de confidentialit\u00e9 et qu\u2019il soit encadr\u00e9 par les clauses contractuelles types de la Commission europ\u00e9enne qui permettent de garantir un niveau de protection suffisant de la vie priv\u00e9e et des droits fondamentaux des personnes.<\/strong><\/p>\n\n\n\n<p><\/p>\n\n\n\n<h2 class=\"wp-block-heading\">8.&nbsp;&nbsp;&nbsp;COMMENT VOS DONN\u00c9ES SONT-ELLES PROT\u00c9G\u00c9ES&nbsp;?<\/h2>\n\n\n\n<p><strong>En tant que responsable de traitements, nous mettons en \u0153uvre&nbsp;des mesures techniques et organisationnelles appropri\u00e9es conform\u00e9ment aux dispositions l\u00e9gales applicables, pour prot\u00e9ger vos donn\u00e9es personnelles contre l\u2019alt\u00e9ration, la perte accidentelle ou illicite, l\u2019utilisation, la divulgation ou l\u2019acc\u00e8s non autoris\u00e9, et notamment&nbsp;:<\/strong><\/p>\n\n\n\n<p><strong>\u2022&nbsp;&nbsp;&nbsp;&nbsp;&nbsp;&nbsp;La constitution d\u2019un service consacr\u00e9 \u00e0 la s\u00e9curit\u00e9 des syst\u00e8mes d\u2019information&nbsp;;<\/strong><\/p>\n\n\n\n<p><strong>\u2022&nbsp;&nbsp;&nbsp;&nbsp;&nbsp;&nbsp;La sensibilisation aux exigences de confidentialit\u00e9 de nos collaborateurs amen\u00e9s \u00e0 acc\u00e9der \u00e0 vos donn\u00e9es personnelles&nbsp;;<\/strong><\/p>\n\n\n\n<p><strong>\u2022&nbsp;&nbsp;&nbsp;&nbsp;&nbsp;&nbsp;La s\u00e9curisation de l\u2019acc\u00e8s \u00e0 nos locaux et \u00e0 nos plates-formes informatiques&nbsp;;<\/strong><\/p>\n\n\n\n<p><strong>\u2022&nbsp;&nbsp;&nbsp;&nbsp;&nbsp;&nbsp;La mise en \u0153uvre d\u2019une politique g\u00e9n\u00e9rale de s\u00e9curit\u00e9 informatique de l\u2019entreprise&nbsp;;<\/strong><\/p>\n\n\n\n<p><strong>\u2022&nbsp;&nbsp;&nbsp;&nbsp;&nbsp;&nbsp;La s\u00e9curisation de l\u2019acc\u00e8s, du partage et du transfert des donn\u00e9es&nbsp;;<\/strong><\/p>\n\n\n\n<p><strong>\u2022&nbsp;&nbsp;&nbsp;&nbsp;&nbsp;&nbsp;Le haut degr\u00e9 d\u2019exigence en mati\u00e8re de protection des donn\u00e9es lors de la s\u00e9lection de nos sous-traitants et partenaires.<\/strong><\/p>\n\n\n\n<h2 class=\"wp-block-heading\">9.&nbsp;&nbsp;&nbsp;VOS DROITS<\/h2>\n\n\n\n<h2 class=\"wp-block-heading\">Vos droits en mati\u00e8re d\u2019acc\u00e8s \u00e0 vos donn\u00e9es personnelles<\/h2>\n\n\n\n<p>Vous avez le droit d\u2019acc\u00e9der \u00e0 vos donn\u00e9es personnelles et de demander qu\u2019elles soient rectifi\u00e9es, compl\u00e9t\u00e9es ou mises \u00e0 jour. Vous pouvez \u00e9galement demander l\u2019effacement de vos donn\u00e9es ou vous opposer \u00e0 leur traitement, \u00e0 condition de justifier d\u2019un motif l\u00e9gitime.<\/p>\n\n\n\n<p>Vous pouvez demander \u00e0 exercer votre droit \u00e0 la portabilit\u00e9 de vos donn\u00e9es,&nbsp;c\u2019est-\u00e0-dire le droit de recevoir les donn\u00e9es personnelles que vous nous avez fournies dans un format structur\u00e9, couramment utilis\u00e9 et le droit de transmettre ces donn\u00e9es \u00e0 un autre responsable de traitements.<\/p>\n\n\n\n<p>Vous pouvez enfin formuler des directives relatives \u00e0 la conservation, \u00e0 l\u2019effacement et \u00e0 la communication de vos donn\u00e9es \u00e0 caract\u00e8re personnel apr\u00e8s votre d\u00e9c\u00e8s.<\/p>\n\n\n\n<p>Vous pouvez exercer vos droits aupr\u00e8s du d\u00e9l\u00e9gu\u00e9 \u00e0 la protection des donn\u00e9es personnelles de <strong>Stell&rsquo;Afaghjinca<\/strong>\u00a0\u00e0 l\u2019adresse suivante\u00a0: rgpd@stellafaghjinca.corsica<\/p>\n\n\n\n<p>Avant de r\u00e9pondre \u00e0 votre demande, nous sommes susceptibles de v\u00e9rifier votre identit\u00e9 et\/ou vous demander de nous fournir davantage d\u2019informations pour r\u00e9pondre \u00e0 votre demande. Nous nous efforcerons de donner suite \u00e0 votre demande dans un d\u00e9lai raisonnable et, en tout \u00e9tat de cause, dans les d\u00e9lais fix\u00e9s par la loi.<\/p>\n\n\n\n<p>En cas de r\u00e9ponse&nbsp;insatisfaisante, vous pouvez introduire une r\u00e9clamation aupr\u00e8s de la Commission nationale de l\u2019informatique et des libert\u00e9s (CNIL).<\/p>\n\n\n\n<p>Via le site Internet&nbsp;:&nbsp;<a href=\"https:\/\/www.cnil.fr\/\" target=\"_blank\" rel=\"noreferrer noopener\">https:\/\/www.cnil.fr\/<\/a><\/p>\n\n\n\n<p>Par courrier postal en \u00e9crivant \u00e0&nbsp;: CNIL &#8211; 3 Place de Fontenoy &#8211; TSA 80715 &#8211; 75334 PARIS CEDEX 07<\/p>\n\n\n\n<h3 class=\"wp-block-heading\">Vos droits en mati\u00e8re d\u2019acceptation et de gestion des cookies<\/h3>\n\n\n\n<p>L\u2019enregistrement d\u2019un cookie sur votre terminal de navigation est subordonn\u00e9 \u00e0 votre volont\u00e9. Vous pouvez \u00e0 tout moment modifier vos choix en mati\u00e8re d\u2019acceptation ou de refus des cookies d\u00e9pos\u00e9s sur votre terminal, soit sur votre navigateur, soit en ligne aupr\u00e8s de diff\u00e9rents op\u00e9rateurs.<\/p>\n\n\n\n<p>Afin de g\u00e9rer les cookies au plus pr\u00e8s de vos souhaits, nous vous invitons \u00e0 param\u00e9trer votre navigateur en tenant compte de la finalit\u00e9 des cookies.<\/p>\n\n\n\n<p><strong>Comment exercer vos choix ?<\/strong><\/p>\n\n\n\n<h4 class=\"wp-block-heading\"><strong>&nbsp;a.&nbsp;&nbsp;&nbsp;&nbsp;&nbsp;Faire vos choix sur votre navigateur<\/strong><\/h4>\n\n\n\n<p><strong>Vous pouvez param\u00e9trer votre logiciel de navigation soit de mani\u00e8re \u00e0 ce que l\u2019acceptation ou le refus des cookies vous soient propos\u00e9s ponctuellement, avant qu\u2019un cookie soit susceptible d\u2019\u00eatre enregistr\u00e9, soit \u00e0 accepter ou refuser syst\u00e9matiquement l\u2019enregistrement de cookies dans votre terminal.<\/strong><\/p>\n\n\n\n<p><strong>Nous vous alertons sur le fait que tout param\u00e9trage sur votre logiciel de navigation concernant le refus des cookies techniques et de fonctionnalit\u00e9s sera susceptible d\u2019alt\u00e9rer votre confort de navigation sur nos sites Internet, voire d\u2019emp\u00eacher l\u2019utilisation de certains de nos services n\u00e9cessitant l\u2019utilisation de ces m\u00eames cookies.<\/strong><\/p>\n\n\n\n<p><strong>Le cas \u00e9ch\u00e9ant, nous d\u00e9clinons toute responsabilit\u00e9 pour les cons\u00e9quences li\u00e9es au fonctionnement d\u00e9grad\u00e9 de nos sites Internet et de nos services r\u00e9sultant de l\u2019impossibilit\u00e9 pour nous d\u2019enregistrer ou de consulter les cookies n\u00e9cessaires \u00e0 leur fonctionnement et que vous auriez refus\u00e9s ou supprim\u00e9s.<\/strong><\/p>\n\n\n\n<p><strong>Pour la gestion des cookies et de vos choix, la configuration de chaque navigateur est diff\u00e9rente. Elle est d\u00e9crite dans le menu d\u2019aide de votre navigateur, qui vous permettra de savoir de quelle mani\u00e8re modifier vos souhaits en mati\u00e8re de cookies.<\/strong><\/p>\n\n\n\n<p><strong>\u2022&nbsp;&nbsp;&nbsp;&nbsp;&nbsp;&nbsp;&nbsp;Microsoft Internet Explorer&nbsp;<br><\/strong><a href=\"http:\/\/windows.microsoft.com\/fr-FR\/windows-vista\/Block-or-allow-cookies\" target=\"_blank\" rel=\"noreferrer noopener\">http:\/\/windows.microsoft.com\/fr-FR\/windows-vista\/Block-or-allow-cookies<\/a><\/p>\n\n\n\n<p><strong>\u2022&nbsp;&nbsp;&nbsp;&nbsp;&nbsp;&nbsp;&nbsp;Microsoft&nbsp;Edge<\/strong><\/p>\n\n\n\n<p><a href=\"https:\/\/privacy.microsoft.com\/fr-fr\/windows-10-microsoft-edge-and-privacy\">https:\/\/privacy.microsoft.com\/fr-fr\/windows-10-microsoft-edge-and-privacy<\/a><\/p>\n\n\n\n<p><strong>\u2022&nbsp;&nbsp;&nbsp;&nbsp;&nbsp;&nbsp;&nbsp;Apple Safari<\/strong><\/p>\n\n\n\n<p><a href=\"https:\/\/support.apple.com\/fr-fr\/guide\/safari\/sfri11471\/mac\">https:\/\/support.apple.com\/fr-fr\/guide\/safari\/sfri11471\/mac<\/a><\/p>\n\n\n\n<p><strong>\u2022&nbsp;&nbsp;&nbsp;&nbsp;&nbsp;&nbsp;&nbsp;Google Chrome<br><\/strong><a href=\"http:\/\/support.google.com\/chrome\/bin\/answer.py?hl=fr&amp;hlrm=en&amp;answer=95647\" target=\"_blank\" rel=\"noreferrer noopener\">http:\/\/support.google.com\/chrome\/bin\/answer.py?hl=fr&amp;hlrm=en&amp;answer=95647<\/a><\/p>\n\n\n\n<p><strong>\u2022&nbsp;&nbsp;&nbsp;&nbsp;&nbsp;&nbsp;&nbsp;Mozilla Firefox<br><\/strong><a href=\"http:\/\/support.mozilla.org\/fr\/kb\/Activer%20et%20d%C3%A9sactiver%20les%20cookies\" target=\"_blank\" rel=\"noreferrer noopener\">http:\/\/support.mozilla.org\/fr\/kb\/Activer%20et%20d%C3%A9sactiver%20les%20cookies<\/a><\/p>\n\n\n\n<p><strong>\u2022&nbsp;&nbsp;&nbsp;&nbsp;&nbsp;&nbsp;&nbsp;Opera<br><\/strong><a href=\"https:\/\/help.opera.com\/en\/latest\/web-preferences\/#cookies\" target=\"_blank\" rel=\"noreferrer noopener\">https:\/\/help.opera.com\/en\/latest\/web-preferences\/#cookies<\/a><\/p>\n\n\n\n<p><strong>\u2022&nbsp;\u00ab&nbsp;Do not&nbsp;track<\/strong>&nbsp;\u00bb<\/p>\n\n\n\n<p>Vous pouvez \u00e9galement param\u00e9trer votre navigateur afin que celui-ci envoie un code indiquant aux sites Web que vous ne souhaitez pas \u00eatre suivi (option \u00ab Do not&nbsp;track&nbsp;\u00bb).<\/p>\n\n\n\n<p>Microsoft Internet Explorer<\/p>\n\n\n\n<p><a href=\"http:\/\/windows.microsoft.com\/fr-fr\/internet-explorer\/use-tracking-protection#ie=ie-11\" target=\"_blank\" rel=\"noreferrer noopener\">http:\/\/windows.microsoft.com\/fr-fr\/internet-explorer\/use-tracking-protection#ie=ie-11<\/a><\/p>\n\n\n\n<p><strong>Microsoft&nbsp;Edge<\/strong><\/p>\n\n\n\n<p><a href=\"https:\/\/privacy.microsoft.com\/fr-fr\/windows-10-microsoft-edge-and-privacy\">https:\/\/privacy.microsoft.com\/fr-fr\/windows-10-microsoft-edge-and-privacy<\/a><\/p>\n\n\n\n<p><strong>Google Chrome<\/strong><\/p>\n\n\n\n<p><a href=\"https:\/\/support.google.com\/chrome\/answer\/114836?\">https:\/\/support.google.com\/chrome\/answer\/114836?<\/a><\/p>\n\n\n\n<p>Mozilla Firefox<\/p>\n\n\n\n<p><a href=\"https:\/\/support.mozilla.org\/fr\/kb\/comment-activer-option-ne-pas-pister\">https:\/\/support.mozilla.org\/fr\/kb\/comment-activer-option-ne-pas-pister<\/a><\/p>\n\n\n\n<p><strong>Opera<\/strong><\/p>\n\n\n\n<p><a href=\"http:\/\/help.opera.com\/Windows\/12.10\/fr\/notrack.html\" target=\"_blank\" rel=\"noreferrer noopener\">http:\/\/help.opera.com\/Windows\/12.10\/fr\/notrack.html<\/a><\/p>\n\n\n\n<h4 class=\"wp-block-heading\"><strong>b.&nbsp;&nbsp;&nbsp;&nbsp;&nbsp;Faire vos choix en ligne<\/strong><\/h4>\n\n\n\n<p><strong>Pour les cookies de mesure d\u2019audience et les cookies analytiques<\/strong><\/p>\n\n\n\n<p><strong>Les cookies analytiques nous permettent d\u2019obtenir des statistiques anonymes de fr\u00e9quentation de notre site afin de l\u2019optimiser et de d\u00e9tecter d\u2019\u00e9ventuels dysfonctionnements. Ils sont d\u00e9pos\u00e9s sur nos sites par la soci\u00e9t\u00e9 Google&nbsp;Analytics.<\/strong><\/p>\n\n\n\n<p><strong>Si vous ne souhaitez pas que nos sites et nos services enregistrent des cookies dans votre navigateur \u00e0 des fins de mesures d\u2019audience, vous pouvez cliquer sur les liens suivants o\u00f9 vous trouverez des informations suppl\u00e9mentaires&nbsp;:<\/strong><\/p>\n\n\n\n<p><strong>\u2013&nbsp;&nbsp;&nbsp;&nbsp;&nbsp;&nbsp;Cookies Google Analytics<\/strong><\/p>\n\n\n\n<p><a href=\"https:\/\/tools.google.com\/dlpage\/gaoptout\">https:\/\/tools.google.com\/dlpage\/gaoptout<\/a><\/p>\n\n\n\n<p><strong>Pour les cookies \u00ab&nbsp;R\u00e9seaux sociaux&nbsp;\u00bb, nous utilisons les boutons de partage Facebook, Twitter, Google+ et LinkedIn.<\/strong><\/p>\n\n\n\n<p><strong>Pour g\u00e9rer vos donn\u00e9es sur Facebook&nbsp;<\/strong><\/p>\n\n\n\n<p><a href=\"https:\/\/www.facebook.com\/help\/cookies\/\" target=\"_blank\" rel=\"noreferrer noopener\">https:\/\/www.facebook.com\/help\/cookies\/<\/a><strong><br><\/strong><strong><br><\/strong>Pour g\u00e9rer vos donn\u00e9es sur Twitter&nbsp;<\/p>\n\n\n\n<p><a href=\"https:\/\/support.twitter.com\/articles\/20170518-utilisation-des-cookies-et-des-technologies-similaires-par-twitter\" target=\"_blank\" rel=\"noreferrer noopener\">https:\/\/support.twitter.com\/articles\/20170518-utilisation-des-cookies-et-des-technologies-similaires-par-twitter<\/a><strong><br><\/strong><strong><br><\/strong>&nbsp;Pour g\u00e9rer vos donn\u00e9es sur Google+<\/p>\n\n\n\n<p><a href=\"https:\/\/policies.google.com\/privacy?hl=fr#infochoices\">https:\/\/policies.google.com\/privacy?hl=fr#infochoices<\/a><\/p>\n\n\n\n<p><strong>&nbsp;Pour g\u00e9rer vos donn\u00e9es sur&nbsp;Linkedin<\/strong><\/p>\n\n\n\n<p><a href=\"https:\/\/www.linkedin.com\/legal\/cookie-policy\">https:\/\/www.linkedin.com\/legal\/cookie-policy<\/a><\/p>\n\n\n\n<p><strong>D\u00e9sactiver ces cookies emp\u00eache donc toute interaction avec les r\u00e9seaux sociaux.<\/strong><\/p>\n\n\n\n<p><strong>Vous avez \u00e9galement la possibilit\u00e9 de vous connecter au site&nbsp;<\/strong><a href=\"http:\/\/youronlinechoices.com\/\" target=\"_blank\" rel=\"noreferrer noopener\">http:\/\/youronlinechoices.com<\/a>, propos\u00e9 par les professionnels de la publicit\u00e9 digitale regroup\u00e9s au sein de l\u2019association europ\u00e9enne EDAA (European&nbsp;Digital&nbsp;AdvertisingAlliance) et g\u00e9r\u00e9 en France par l\u2019Interactive&nbsp;Advertising&nbsp;Bureau France.<\/p>\n\n\n\n<p>Cette plate-forme europ\u00e9enne est partag\u00e9e par des centaines de professionnels de la publicit\u00e9 sur Internet et constitue une interface centralis\u00e9e vous permettant d\u2019exprimer votre refus ou votre acceptation des cookies utilis\u00e9s par ces entreprises pour adapter \u00e0 vos informations de navigation les publicit\u00e9s susceptibles d\u2019\u00eatre affich\u00e9es sur votre terminal&nbsp;:<\/p>\n\n\n\n<p><a href=\"http:\/\/www.youronlinechoices.com\/fr\/controler-ses-cookies\/\" target=\"_blank\" rel=\"noreferrer noopener\">http:\/\/www.youronlinechoices.com\/fr\/controler-ses-cookies\/<\/a><\/p>\n\n\n\n<p><\/p>\n","protected":false},"excerpt":{"rendered":"<p>1.&nbsp;&nbsp;&nbsp;INTRODUCTION Dans le cadre de son activit\u00e9, le\u00a0site Stell&rsquo;Afaghjinca\u00a0est\u00a0amen\u00e9 \u00e0 traiter des informations vous concernant. Par exemple, en naviguant sur notre sites Internet ou des applications mobiles, en remplissant un formulaire de souscription \u00e0 une newsletter, en cliquant sur un lien publicitaire que nous vous pr\u00e9sentons, vous nous transmettez des informations dont certaines sont de [&hellip;]<\/p>\n","protected":false},"author":1,"featured_media":0,"parent":0,"menu_order":0,"comment_status":"closed","ping_status":"open","template":"","meta":{"footnotes":""},"class_list":["post-3","page","type-page","status-publish","hentry"],"jetpack_sharing_enabled":true,"_links":{"self":[{"href":"https:\/\/www.stellafaghjinca.corsica\/index.php\/wp-json\/wp\/v2\/pages\/3","targetHints":{"allow":["GET"]}}],"collection":[{"href":"https:\/\/www.stellafaghjinca.corsica\/index.php\/wp-json\/wp\/v2\/pages"}],"about":[{"href":"https:\/\/www.stellafaghjinca.corsica\/index.php\/wp-json\/wp\/v2\/types\/page"}],"author":[{"embeddable":true,"href":"https:\/\/www.stellafaghjinca.corsica\/index.php\/wp-json\/wp\/v2\/users\/1"}],"replies":[{"embeddable":true,"href":"https:\/\/www.stellafaghjinca.corsica\/index.php\/wp-json\/wp\/v2\/comments?post=3"}],"version-history":[{"count":2,"href":"https:\/\/www.stellafaghjinca.corsica\/index.php\/wp-json\/wp\/v2\/pages\/3\/revisions"}],"predecessor-version":[{"id":132,"href":"https:\/\/www.stellafaghjinca.corsica\/index.php\/wp-json\/wp\/v2\/pages\/3\/revisions\/132"}],"wp:attachment":[{"href":"https:\/\/www.stellafaghjinca.corsica\/index.php\/wp-json\/wp\/v2\/media?parent=3"}],"curies":[{"name":"wp","href":"https:\/\/api.w.org\/{rel}","templated":true}]}}